{"id":3244,"date":"2019-04-02T00:10:46","date_gmt":"2019-04-01T22:10:46","guid":{"rendered":"http:\/\/www.balbuzards.ch\/?page_id=3244"},"modified":"2023-03-29T10:21:49","modified_gmt":"2023-03-29T08:21:49","slug":"reports","status":"publish","type":"page","link":"https:\/\/www.balbuzards.ch\/en\/reports\/","title":{"rendered":"Reports 2013-2021"},"content":{"rendered":"<p><a href=\"https:\/\/www.balbuzards.ch\/wp-content\/uploads\/2022\/04\/Strahm_Landenbergue_2022.pdf\" target=\"_blank\" rel=\"noopener\"><img loading=\"lazy\" decoding=\"async\" class=\"alignright wp-image-6573\" src=\"https:\/\/www.balbuzards.ch\/wp-content\/uploads\/2022\/04\/NO-cover-mar2022.jpg\" alt=\"Nos Oiseaux March cover\" width=\"200\" height=\"281\" \/><\/a>The 2021 Osprey Project report has been published in the March 2022 edition of the journal<em> Nos Oiseaux<\/em>. While only in French, this report outlines the highlights of last year. Now that the release phase of the project has finished, two birds reintroduced each year between 2016 and 2019 are so far known to have returned: 4 males in Switzerland, and 1 male plus 3 females in neighbouring countries. Two of these females bred successfully in 2021: <em><a href=\"https:\/\/www.balbuzards.ch\/en\/two-heads\/\" target=\"_blank\" rel=\"noopener\">Mouche<\/a> <\/em>in France (Moselle \u2013 with 2 fledged chicks) and <a href=\"https:\/\/www.balbuzards.ch\/en\/chicks-2021\/\" target=\"_blank\" rel=\"noopener\"><em>Plume<\/em><\/a> in Germany (Bavaria \u2013 with 3 fledged chicks). Two males (<em>Taurus<\/em>, for the third year, and <a href=\"https:\/\/www.balbuzards.ch\/en\/bt24\/\" target=\"_blank\" rel=\"noopener\"><em>Arthur<\/em><\/a>, for the second) held territories in Switzerland, with <a href=\"https:\/\/www.balbuzards.ch\/en\/first-couple\/\" target=\"_blank\" rel=\"noopener\"><em>Taurus<\/em><\/a> forming a couple late in the summer with a German female ringed AB13. In addition, a \u201cmystery male\u201d summered in the Haut-Doubs not far from the French-Swiss border. Although he only has a metal ring on its left leg, we think it is one of \u201cours\u201d that has lost his blue plastic ring, but his identity is still uncertain. Finally, two youngsters released at Bellechasse in 2019, <a href=\"https:\/\/www.balbuzards.ch\/en\/radar\/\" target=\"_blank\" rel=\"noopener\"><em>Radar<\/em><\/a> and <a href=\"https:\/\/www.balbuzards.ch\/en\/rafale\/\" target=\"_blank\" rel=\"noopener\"><em>Rafale<\/em><\/a>, returned to Europe for the first time in 2021. The article can be downloaded <a href=\"https:\/\/www.balbuzards.ch\/wp-content\/uploads\/2022\/03\/StrahmLandenbergue_2022.pdf\" target=\"_blank\" rel=\"noopener\">here<\/a>.<\/p>\n<hr \/>\n<p><a href=\"https:\/\/www.balbuzards.ch\/wp-content\/uploads\/2021\/09\/Balbuzard_2020-2.pdf\" target=\"_blank\" rel=\"noopener\"><img loading=\"lazy\" decoding=\"async\" data-attachment-id=\"5997\" data-permalink=\"https:\/\/www.balbuzards.ch\/en\/reports\/no-cover-2-2-2\/\" data-orig-file=\"https:\/\/www.balbuzards.ch\/wp-content\/uploads\/2021\/03\/NO-cover-1.jpg\" data-orig-size=\"160,225\" data-comments-opened=\"0\" data-image-meta=\"{&quot;aperture&quot;:&quot;0&quot;,&quot;credit&quot;:&quot;&quot;,&quot;camera&quot;:&quot;&quot;,&quot;caption&quot;:&quot;&quot;,&quot;created_timestamp&quot;:&quot;0&quot;,&quot;copyright&quot;:&quot;&quot;,&quot;focal_length&quot;:&quot;0&quot;,&quot;iso&quot;:&quot;0&quot;,&quot;shutter_speed&quot;:&quot;0&quot;,&quot;title&quot;:&quot;&quot;,&quot;orientation&quot;:&quot;0&quot;}\" data-image-title=\"NO-cover\" data-image-description=\"&lt;p&gt;Nos Oiseaux couverture mars 2021&lt;\/p&gt;\n\" data-image-caption=\"\" data-large-file=\"https:\/\/www.balbuzards.ch\/wp-content\/uploads\/2021\/03\/NO-cover-1.jpg\" class=\"alignleft wp-image-5997\" src=\"https:\/\/www.balbuzards.ch\/wp-content\/uploads\/2021\/03\/NO-cover-1.jpg\" alt=\"Nos Oiseaux couverture mars 2021\" width=\"200\" height=\"281\" \/><\/a>A report on the 2020 Osprey Project season has been published in the March 2021 edition of the journal <em>Nos Oiseaux<\/em>. While only in French, this report summarizes the first breeding attempt of <a href=\"https:\/\/www.balbuzards.ch\/en\/happy-event\/\" target=\"_blank\" rel=\"noopener\"><em>Mouche<\/em><\/a> in the French Department of Moselle, where she had at least one chick which sadly did not survive. Two males (<a href=\"https:\/\/www.balbuzards.ch\/en\/2020-project-report\/taurus-22jul20\/\" target=\"_blank\" rel=\"noopener\"><em>Taurus<\/em><\/a>, for the second year, and <a href=\"https:\/\/www.balbuzards.ch\/en\/arthur\/\" target=\"_blank\" rel=\"noopener\"><em>Arthur<\/em><\/a>, for the first) returned to Switzerland, although <em>Fus\u00e9e<\/em> was not seen again. In addition, two other birds were photographed, <em><a href=\"https:\/\/www.balbuzards.ch\/en\/flamme\/\" target=\"_blank\" rel=\"noopener\">Flamme<\/a><\/em> (born 2017) in his wintering grounds in the Gambia (although we do not know where he summers in Europe), and <a href=\"https:\/\/www.balbuzards.ch\/en\/plume\/\" target=\"_blank\" rel=\"noopener\"><em>Plume<\/em><\/a> (born 2018) on four different artificial nest platforms in north-eastern Bavaria, Germany. Twelve more young birds from Germany and Norway were translocated and successfully migrated from Switzerland between 15 August and 17 September. At least five of them \u201cvisited\u201d <a href=\"https:\/\/www.balbuzards.ch\/en\/videos-albi\/\" target=\"_blank\" rel=\"noopener\">an unringed male<\/a> several times during his three week long stop-over in the region last summer. The article can be downloaded <a href=\"https:\/\/www.balbuzards.ch\/wp-content\/uploads\/2021\/09\/Balbuzard_2020-2.pdf\" target=\"_blank\" rel=\"noopener\">here<\/a>.<\/p>\n<hr \/>\n<p><a style=\"color: #41a62a; outline: 0px;\" href=\"https:\/\/www.balbuzards.ch\/wp-content\/uploads\/2020\/03\/Strahm__Landenbergue_2020_1MB.pdf\" target=\"_blank\" rel=\"noopener noreferrer\"><img loading=\"lazy\" decoding=\"async\" data-attachment-id=\"5444\" data-permalink=\"https:\/\/www.balbuzards.ch\/en\/reports\/no-cover-2\/\" data-orig-file=\"https:\/\/www.balbuzards.ch\/wp-content\/uploads\/2020\/03\/NO-cover.jpg\" data-orig-size=\"200,282\" data-comments-opened=\"0\" data-image-meta=\"{&quot;aperture&quot;:&quot;0&quot;,&quot;credit&quot;:&quot;&quot;,&quot;camera&quot;:&quot;&quot;,&quot;caption&quot;:&quot;&quot;,&quot;created_timestamp&quot;:&quot;0&quot;,&quot;copyright&quot;:&quot;&quot;,&quot;focal_length&quot;:&quot;0&quot;,&quot;iso&quot;:&quot;0&quot;,&quot;shutter_speed&quot;:&quot;0&quot;,&quot;title&quot;:&quot;&quot;,&quot;orientation&quot;:&quot;0&quot;}\" data-image-title=\"Cover Nos Oiseaux March 2020\" data-image-description=\"&lt;p&gt;Cover Nos Oiseaux March 2020&lt;\/p&gt;\n\" data-image-caption=\"\" data-large-file=\"https:\/\/www.balbuzards.ch\/wp-content\/uploads\/2020\/03\/NO-cover.jpg\" class=\"alignright wp-image-5444 size-full\" src=\"https:\/\/www.balbuzards.ch\/wp-content\/uploads\/2020\/03\/NO-cover.jpg\" alt=\"Nos Oiseaux couverture mars 2020\" width=\"200\" height=\"282\" \/><\/a><\/p>\n<p>A report on the fifth year of reintroducing Osprey to Switzzerland (\u201cCinqui\u00e8me ann\u00e9e de r\u00e9introduction du Balbuzard p\u00eacheur <em>Pandion haliaetus<\/em>\u00a0en Suisse\u201d) has been published in the March 2020 edition of the journal\u00a0<em>Nos Oiseaux<\/em>. While only in French, it includes news about the three birds reintroduced at Bellechasse that have returned so far: the male\u00a0<em>Fus\u00e9e<\/em>\u00a0to Switzerland and the female\u00a0<em>Mouche<\/em>\u00a0to eastern France (both released in 2016, and returning for the second time); and the male\u00a0<em>Taurus<\/em>\u00a0(released in 2017), returning to the Trois-Lacs region of Switzerland for the first time.\u00a0<em>Mouche<\/em> has even found a partner and they built a nest in the French Department of Moselle, although too late in the season to breed!\u00a0 In 2019, 12 additional young birds were translocated from Germany and Norway, and 11 successfully migrated.\u00a0Our nest-building team has continued to work hard, and we now have 21 nesting platforms ready and waiting. The article can be downloaded <a href=\"https:\/\/www.balbuzards.ch\/wp-content\/uploads\/2020\/03\/Strahm__Landenbergue_2020_1MB.pdf\" target=\"_blank\" rel=\"noopener noreferrer\">here<\/a>.<\/p>\n<hr \/>\n<p><a href=\"https:\/\/www.balbuzards.ch\/wp-content\/uploads\/2019\/04\/StrahmLandenbergue_2019-1.pdf\" target=\"_blank\" rel=\"noopener noreferrer\"><img loading=\"lazy\" decoding=\"async\" data-attachment-id=\"5434\" data-permalink=\"https:\/\/www.balbuzards.ch\/en\/reports\/no-cover-mar19-3\/\" data-orig-file=\"https:\/\/www.balbuzards.ch\/wp-content\/uploads\/2019\/04\/no-cover-mar19.jpg\" data-orig-size=\"160,225\" data-comments-opened=\"0\" data-image-meta=\"{&quot;aperture&quot;:&quot;0&quot;,&quot;credit&quot;:&quot;&quot;,&quot;camera&quot;:&quot;&quot;,&quot;caption&quot;:&quot;&quot;,&quot;created_timestamp&quot;:&quot;0&quot;,&quot;copyright&quot;:&quot;&quot;,&quot;focal_length&quot;:&quot;0&quot;,&quot;iso&quot;:&quot;0&quot;,&quot;shutter_speed&quot;:&quot;0&quot;,&quot;title&quot;:&quot;&quot;,&quot;orientation&quot;:&quot;0&quot;}\" data-image-title=\"no-cover-mar19\" data-image-description=\"\" data-image-caption=\"\" data-large-file=\"https:\/\/www.balbuzards.ch\/wp-content\/uploads\/2019\/04\/no-cover-mar19.jpg\" class=\"alignleft wp-image-5434 size-full\" src=\"https:\/\/www.balbuzards.ch\/wp-content\/uploads\/2019\/04\/no-cover-mar19.jpg\" alt=\"Nos Couverture Oiseaux journal mars 2020\" width=\"160\" height=\"225\" \/><\/a>A report on the fourth year of reintroducing Osprey to Switzerland and the first returns (&#8220;<strong>Quatri\u00e8me ann\u00e9e de r\u00e9introduction du Balbuzard p\u00eacheur <em>Pandion haliaetus<\/em> en Suisse et premiers retours&#8221;<\/strong>) appeared in the March 2019 edition of the journal <em>Nos Oiseaux<\/em>. While only in French, it outlines the main activities undertaken in 2018, starting with the construction of additional nest platforms, the translocation of 12 young birds from Germany and Norway, their care and release in the Three Lakes region of Switzerland, and finally their departure at the end of August to mid-September. The highlights of 2018 were the first return in Europe of two immature birds released in 2016, with one spending a month during the summer at Bellechasse. Even more incredible was the discovery of his wintering site a few weeks after he migrated to West Africa. The article can be downloaded <a href=\"https:\/\/www.balbuzards.ch\/wp-content\/uploads\/2019\/04\/StrahmLandenbergue_2019-1.pdf\" target=\"_blank\" rel=\"noopener noreferrer\">here<\/a>.<\/p>\n<hr \/>\n<p><a href=\"https:\/\/www.balbuzards.ch\/wp-content\/uploads\/2018\/03\/Strahm_Landenbergue_2018_1MB.pdf\" target=\"_blank\" rel=\"noopener noreferrer\"><img loading=\"lazy\" decoding=\"async\" class=\"alignright wp-image-4426\" src=\"https:\/\/www.balbuzards.ch\/wp-content\/uploads\/2018\/04\/NO655312018-6208_1-1.jpg\" alt=\"NO March 2018\" width=\"213\" height=\"300\" \/><\/a>A report on the third year of the reintroduction of the Osprey in Switzerland (&#8220;<strong>Troisi\u00e8me ann\u00e9e de r\u00e9introduction du Balbuzard p\u00eacheur <em>Pandion haliaetus<\/em> en Suisse<\/strong>&#8220;) appeared in the March 2018 edition of the journal <em>Nos Oiseaux<\/em>. While only in French, it provides an illustrated overview of the work undertaken through the project and the results achieved in 2017. This included the surprise of temporarily having a \u201cbaker\u2019s dozen\u201d. Not only all 12 birds which were released all migrated, but we even hosted a young migrating female ringed in Germany. Obviously attracted by our birds, she made a 5 day stop-over before continuing on her way south.<\/p>\n<p>The article can be downloaded <a href=\"https:\/\/www.balbuzards.ch\/wp-content\/uploads\/2018\/03\/Strahm_Landenbergue_2018_1MB.pdf\" target=\"_blank\" rel=\"noopener noreferrer\">here<\/a>.<\/p>\n<hr \/>\n<p><a href=\"https:\/\/www.balbuzards.ch\/wp-content\/uploads\/2016\/02\/Strahm__Landenbergue_2017.pdf\" target=\"_blank\" rel=\"noopener noreferrer\"><img loading=\"lazy\" decoding=\"async\" class=\"alignleft wp-image-3868\" src=\"https:\/\/www.balbuzards.ch\/wp-content\/uploads\/2016\/02\/NO-cover-mar17-1.jpg\" alt=\"Cover NO mar17\" width=\"213\" height=\"300\" \/><\/a><\/p>\n<p>A report on the second year of the reintroduction of the Osprey in Switzerland (&#8220;<strong>Deuxi\u00e8me ann\u00e9e de r\u00e9introduction du Balbuzard p\u00eacheur <em>Pandion haliaetus<\/em> en Suisse<\/strong>&#8220;) appeared in the March 2017 edition of\u00a0the journal\u00a0<em>Nos Oiseaux<\/em>. While only in French, it\u00a0provides an illustrated overview of the work undertaken through the project and the results achieved in 2016, including the highlight of spotting one of our birds wintering in\u00a0Senegal in December!<\/p>\n<p>This article can be downloaded <a href=\"https:\/\/www.balbuzards.ch\/wp-content\/uploads\/2016\/02\/Strahm__Landenbergue_2017.pdf\" target=\"_blank\" rel=\"noopener noreferrer\">here<\/a>.<\/p>\n<hr \/>\n<p><a href=\"https:\/\/www.balbuzards.ch\/wp-content\/uploads\/2016\/02\/StrahmLandenbergue_2016.pdf\" target=\"_blank\" rel=\"noopener noreferrer\"><img loading=\"lazy\" decoding=\"async\" class=\"alignright wp-image-3542\" src=\"https:\/\/www.balbuzards.ch\/wp-content\/uploads\/2016\/02\/NO-cover-mar2016.jpg\" alt=\"Couverture Nos Oiseaux mars 2016\" width=\"213\" height=\"300\" \/><\/a><\/p>\n<p>A report on the first year of the reintroduction of the Osprey in Switzerland (\u201c<strong>Premi\u00e8re ann\u00e9e de r\u00e9introduction du Balbuzard p\u00eacheur <em>Pandion haliaetus<\/em> en Suisse<\/strong>&#8220;) appeared in the March 2016 edition of <em>Nos Oiseaux<\/em>. While only in French, it illustrates some of the main highlights of the 2015 release,\u00a0and\u00a0calls for volunteers to participate in the project during the summer of 2016.<\/p>\n<p>This article can be downloaded <a href=\"https:\/\/www.balbuzards.ch\/wp-content\/uploads\/2016\/02\/StrahmLandenbergue_2016.pdf\" target=\"_blank\" rel=\"noopener noreferrer\">here<\/a>.<\/p>\n<hr \/>\n<p><strong><a href=\"https:\/\/www.balbuzards.ch\/wp-content\/uploads\/2016\/02\/2015-Zimmermann_Heron-Balbuzard-1.pdf\" target=\"_blank\" rel=\"noopener noreferrer\"><img loading=\"lazy\" decoding=\"async\" class=\"alignleft wp-image-3553 size-medium\" src=\"https:\/\/www.balbuzards.ch\/wp-content\/uploads\/2016\/02\/heron-cover-dec2015-3-213x300.jpg\" alt=\"heron-cover-dec2015\" width=\"213\" height=\"300\" srcset=\"https:\/\/www.balbuzards.ch\/wp-content\/uploads\/2016\/02\/heron-cover-dec2015-3-213x300.jpg 213w, https:\/\/www.balbuzards.ch\/wp-content\/uploads\/2016\/02\/heron-cover-dec2015-3.jpg 626w\" sizes=\"auto, (max-width: 213px) 100vw, 213px\" \/><\/a>\u201cLa r\u00e9introduction du Balbuzard en Suisse&#8221;<\/strong>\u00a0by Erwan Zimmermann, one of our volunteers, appeared in the December 2015 edition of <em>Le H\u00e9ron<\/em>. This publication by the &#8220;<a href=\"http:\/\/gdj.nosoiseaux.ch\/\" target=\"_blank\" rel=\"noopener noreferrer\">Groupe de Jeunes<\/a>&#8221; of <em>Nos Oiseaux<\/em> is\u00a0produced once a year. Although the article is in French it is well worth looking at since it is illustrated and provides a good account of\u00a0two weeks in the life of a volunteer taking care of ospreys.<\/p>\n<p>The article can be downloaded\u00a0<a href=\"https:\/\/www.balbuzards.ch\/wp-content\/uploads\/2016\/02\/2015-Zimmermann_Heron-Balbuzard-1.pdf\" target=\"_blank\" rel=\"noopener noreferrer\">here<\/a>.<\/p>\n<hr \/>\n<p><a href=\"https:\/\/www.balbuzards.ch\/wp-content\/uploads\/2016\/02\/Strahm__Landenbergue_2015.pdf\" target=\"_blank\" rel=\"noopener noreferrer\"><img loading=\"lazy\" decoding=\"async\" class=\"alignright wp-image-3229 size-medium\" src=\"https:\/\/www.balbuzards.ch\/wp-content\/uploads\/2016\/02\/NO_cover_mar2015-213x300.jpg\" alt=\"Couverture Nos Oiseaux mars 2015\" width=\"213\" height=\"300\" srcset=\"https:\/\/www.balbuzards.ch\/wp-content\/uploads\/2016\/02\/NO_cover_mar2015-213x300.jpg 213w, https:\/\/www.balbuzards.ch\/wp-content\/uploads\/2016\/02\/NO_cover_mar2015.jpg 626w\" sizes=\"auto, (max-width: 213px) 100vw, 213px\" \/><\/a><\/p>\n<p><strong>\u00a0\u201cParticipez au retour du\u00a0Balbuzard p\u00eacheur en Suisse !&#8221;<\/strong> appeared in the March 2015 edition of\u00a0<em>Nos Oiseaux<\/em>. While only in French, it provides an update on the project and a call for volunteers for the summer of 2015.<\/p>\n<p>This article can be downloaded <a href=\"https:\/\/www.balbuzards.ch\/wp-content\/uploads\/2016\/02\/Strahm__Landenbergue_2015.pdf\" target=\"_blank\" rel=\"noopener noreferrer\">here<\/a>.<\/p>\n<hr \/>\n<p><a href=\"https:\/\/www.balbuzards.ch\/wp-content\/uploads\/2013\/09\/StrahmLandenbergue_2013_Balbuzard_60_123-142.pdf\" target=\"_blank\" rel=\"noopener noreferrer\"><img loading=\"lazy\" decoding=\"async\" class=\"alignleft wp-image-3224 size-medium\" src=\"https:\/\/www.balbuzards.ch\/wp-content\/uploads\/2016\/02\/NO-cover-sep2013-213x300.jpg\" alt=\"Nos Oiseaux cover sep2013\" width=\"213\" height=\"300\" srcset=\"https:\/\/www.balbuzards.ch\/wp-content\/uploads\/2016\/02\/NO-cover-sep2013-213x300.jpg 213w, https:\/\/www.balbuzards.ch\/wp-content\/uploads\/2016\/02\/NO-cover-sep2013.jpg 626w\" sizes=\"auto, (max-width: 213px) 100vw, 213px\" \/><\/a><\/p>\n<p><strong>\u201cLa R\u00e9introduction du Balbuzard P\u00eacheur <em>Pandion haliaetus<\/em> en Suisse romande\u201d<\/strong>\u00a0appeared in the September 2013 edition of <em>Nos Oiseaux<\/em>. While the article is in French, it explains everything about the project, provides an overview of Osprey biology and ecology, its historical evolution, conservation status and various reintroduction projects taking place elsewhere in Europe.<\/p>\n<p>Available for download <a href=\"https:\/\/www.balbuzards.ch\/wp-content\/uploads\/2013\/09\/StrahmLandenbergue_2013_Balbuzard_60_123-142.pdf\" target=\"_blank\" rel=\"noopener noreferrer\"><span style=\"text-decoration: underline;\"><span style=\"color: #0066cc;\">here<\/span><\/span><\/a>.<\/p>\n<p><em>Nos Oiseaux<\/em> members can download the entire fascicule (or any other) from <a title=\"Nos Oiseaux\" href=\"http:\/\/www.nosoiseaux.ch\/\" target=\"_blank\" rel=\"noopener noreferrer\">www.nosoiseaux.ch<\/a>.<\/p>\n","protected":false},"excerpt":{"rendered":"<p>The 2021 Osprey Project report has been published in the March 2022 edition of the journal Nos Oiseaux. While only in French, this report outlines the highlights of last year. Now that the release phase of the project has finished, two birds reintroduced each year between 2016 and 2019 are so far known to have &hellip; <a href=\"https:\/\/www.balbuzards.ch\/en\/reports\/\" class=\"more-link\">Continue reading <span class=\"screen-reader-text\">Reports 2013-2021<\/span> <span class=\"meta-nav\">&rarr;<\/span><\/a><\/p>\n","protected":false},"author":3,"featured_media":0,"parent":0,"menu_order":0,"comment_status":"closed","ping_status":"closed","template":"","meta":{"footnotes":""},"class_list":["post-3244","page","type-page","status-publish","hentry"],"jetpack_sharing_enabled":true,"jetpack_shortlink":"https:\/\/wp.me\/P5MO3H-Qk","_links":{"self":[{"href":"https:\/\/www.balbuzards.ch\/en\/wp-json\/wp\/v2\/pages\/3244","targetHints":{"allow":["GET"]}}],"collection":[{"href":"https:\/\/www.balbuzards.ch\/en\/wp-json\/wp\/v2\/pages"}],"about":[{"href":"https:\/\/www.balbuzards.ch\/en\/wp-json\/wp\/v2\/types\/page"}],"author":[{"embeddable":true,"href":"https:\/\/www.balbuzards.ch\/en\/wp-json\/wp\/v2\/users\/3"}],"replies":[{"embeddable":true,"href":"https:\/\/www.balbuzards.ch\/en\/wp-json\/wp\/v2\/comments?post=3244"}],"version-history":[{"count":0,"href":"https:\/\/www.balbuzards.ch\/en\/wp-json\/wp\/v2\/pages\/3244\/revisions"}],"wp:attachment":[{"href":"https:\/\/www.balbuzards.ch\/en\/wp-json\/wp\/v2\/media?parent=3244"}],"curies":[{"name":"wp","href":"https:\/\/api.w.org\/{rel}","templated":true}]}}